{"id":2506,"date":"2024-11-13T18:51:24","date_gmt":"2024-11-13T17:51:24","guid":{"rendered":"https:\/\/sentiersdetoiles.fr\/?page_id=2506"},"modified":"2024-12-08T12:21:06","modified_gmt":"2024-12-08T11:21:06","slug":"2024-page-en-cours-de-construction","status":"publish","type":"page","link":"https:\/\/sentiersdetoiles.fr\/?page_id=2506","title":{"rendered":"2024"},"content":{"rendered":"\n<p>Vers la page des chefs <a href=\"https:\/\/sentiersdetoiles.fr\/?page_id=2513\" target=\"_blank\" rel=\"noreferrer noopener\">2024<\/a><\/p>\n\n\n\n<p>A chaque projet solidaire, une recette de velout\u00e9 gastronomique !<\/p>\n\n\n\n<p class=\"has-text-align-center\">\u00c0 l\u2019approche de No\u00ebl, comme chaque ann\u00e9e, l\u2019association SENTIERS D\u2019\u00c9TOILES lance un pont entre des projets solidaires et le monde volontiers g\u00e9n\u00e9reux de la cuisine.<br><strong>7 projets solidaires et 4 recettes prestigieuses<\/strong>&nbsp;seront pr\u00e9sent\u00e9s au cours des semaines qui pr\u00e9c\u00e8dent No\u00ebl et la totalit\u00e9 des b\u00e9n\u00e9fices de chaque vente sera vers\u00e9e aux projets soutenus.<\/p>\n\n\n\n<p>Un double objectif \u00e0 ce projet :<\/p>\n\n\n\n<ul class=\"wp-block-list\">\n<li>Permettre \u00e0 des personnes isol\u00e9es ou en difficult\u00e9 de participer aux c\u00f4t\u00e9s de b\u00e9n\u00e9voles de tous horizons sociaux, culturels et professionnels, \u00e0 la pr\u00e9paration de ces velout\u00e9s gastronomiques et de retrouver ainsi un sentiment d\u2019utilit\u00e9 ainsi que la chaleur et le soutien d\u2019un groupe.<\/li>\n\n\n\n<li>Apporter en toute transparence un financement \u00e0 des projets pr\u00e9cis identifi\u00e9s et port\u00e9s ou mis en \u0153uvre par des associations d\u2019Alsace, en mettant en lumi\u00e8re ces actions.<\/li>\n<\/ul>\n\n\n\n<p class=\"has-text-align-center\">\u2744&nbsp;\u2744&nbsp;\u2744&nbsp;\u2744&nbsp;\u2744&nbsp;\u2744&nbsp;\u2744<\/p>\n\n\n\n<p>Prix inchang\u00e9s :<br>Sur place au gobelet \u2013 3\u20ac ou \u00c0 emporter en sachet d\u20191 litre sous vide \u2013 10 \u20ac<\/p>\n\n\n\n<p class=\"has-text-align-center\">\u2744&nbsp;\u2744&nbsp;\u2744&nbsp;\u2744&nbsp;\u2744&nbsp;\u2744&nbsp;\u2744<\/p>\n\n\n\n<p class=\"has-text-align-center\">\u25b6 Du mercredi 27 novembre au mardi 3 d\u00e9cembre 2024 \u25c0<\/p>\n\n\n\n<p class=\"has-text-align-center\"><strong>VOYAGE EXOTIQUE SOUS LE SOUFFLE DU Z\u00c9PHYR<\/strong><\/p>\n\n\n\n<p>Par &nbsp;<strong>Gilles LEININGER<\/strong>, &nbsp;restaurant&nbsp;<strong><em><a href=\"https:\/\/restaurant-jardinsecret.fr\/\" target=\"_blank\" rel=\"noreferrer noopener\">Le Jardin Secret<\/a><\/em><\/strong>* \u00e0 La Wantzenau<\/p>\n\n\n\n<p>&#8211; Pour faire conna\u00eetre et financer la pr\u00e9sentation de v\u00eatements con\u00e7us ou adapt\u00e9s pour personnes handicap\u00e9es (association&nbsp;<strong><em><a href=\"https:\/\/www.laboindigo.org\/\" target=\"_blank\" rel=\"noreferrer noopener\">LABO INDIGO<\/a><\/em><\/strong>)<\/p>\n\n\n<div class=\"wp-block-image\">\n<figure class=\"aligncenter size-large is-resized\"><a href=\"https:\/\/www.laboindigo.org\/\" target=\"_blank\" rel=\" noreferrer noopener\"><img loading=\"lazy\" decoding=\"async\" width=\"1024\" height=\"533\" src=\"https:\/\/sentiersdetoiles.fr\/wp-content\/uploads\/2024\/11\/Labo-indigo-1024x533.jpg\" alt=\"\" class=\"wp-image-2542\" style=\"width:250px\" srcset=\"https:\/\/sentiersdetoiles.fr\/wp-content\/uploads\/2024\/11\/Labo-indigo-1024x533.jpg 1024w, https:\/\/sentiersdetoiles.fr\/wp-content\/uploads\/2024\/11\/Labo-indigo-300x156.jpg 300w, https:\/\/sentiersdetoiles.fr\/wp-content\/uploads\/2024\/11\/Labo-indigo-768x400.jpg 768w, https:\/\/sentiersdetoiles.fr\/wp-content\/uploads\/2024\/11\/Labo-indigo.jpg 1080w\" sizes=\"auto, (max-width: 1024px) 100vw, 1024px\" \/><\/a><\/figure>\n<\/div>\n\n\n<p>&#8211; Pour financer un dispositif de traitement d\u2019image destin\u00e9 \u00e0 sensibiliser des jeunes souffrant de troubles mentaux aux dangers d\u2019images et photos non r\u00e9elles circulant sur internet&nbsp;(association&nbsp;<strong><a href=\"https:\/\/www.apedi-alsace.fr\/etablissements-services\/enfance-adolescence\/ime-imp-impro\/\" target=\"_blank\" rel=\"noreferrer noopener\">IMPro Sifas<\/a><\/strong>)<\/p>\n\n\n\n<p>Conseil de d\u00e9gustation : <\/p>\n\n\n\n<ul class=\"wp-block-list\">\n<li>Disposer dans chaque assiette un carpaccio ou un tartare de coquilles Saint Jacques ou quelques d\u00e9s de poisson blanc et verser dessus le Velout\u00e9 br\u00fblant<\/li>\n\n\n\n<li>Disposer sur chaque assiette de Velout\u00e9 br\u00fblant une fine escalope de foie gras po\u00eal\u00e9e<\/li>\n\n\n\n<li>Utiliser ce Velout\u00e9 comme sauce sur du riz ou des tagliatelles ou, en version \u00ab\u00a0vegan\u00a0\u00bb, avec une julienne de l\u00e9gumes (carotte et c\u00e9leri r\u00e2p\u00e9s arros\u00e9s d\u2019un peu de jus d\u2019orange et de quelques gouttes d\u2019huile d\u2019olive + sel et poivre mac\u00e9r\u00e9s 15 minutes) d\u00e9pos\u00e9e au fond de l\u2019assiette et arros\u00e9e de velout\u00e9 br\u00fblant.<\/li>\n<\/ul>\n\n\n<div class=\"wp-block-image\">\n<figure class=\"aligncenter size-full is-resized\"><a href=\"https:\/\/www.apedi-alsace.fr\/etablissements-services\/enfance-adolescence\/ime-imp-impro\/\" target=\"_blank\" rel=\" noreferrer noopener\"><img loading=\"lazy\" decoding=\"async\" width=\"442\" height=\"148\" src=\"https:\/\/sentiersdetoiles.fr\/wp-content\/uploads\/2024\/11\/IMPRO-SIFAS.jpg\" alt=\"\" class=\"wp-image-2545\" style=\"width:200px\" srcset=\"https:\/\/sentiersdetoiles.fr\/wp-content\/uploads\/2024\/11\/IMPRO-SIFAS.jpg 442w, https:\/\/sentiersdetoiles.fr\/wp-content\/uploads\/2024\/11\/IMPRO-SIFAS-300x100.jpg 300w\" sizes=\"auto, (max-width: 442px) 100vw, 442px\" \/><\/a><\/figure>\n<\/div>\n\n\n<p class=\"has-text-align-center\">\u2744&nbsp;\u2744&nbsp;\u2744&nbsp;\u2744&nbsp;\u2744&nbsp;\u2744&nbsp;\u2744<\/p>\n\n\n\n<p class=\"has-text-align-center\">\u25b6 Du mercredi 4 d\u00e9cembre au mardi 10 d\u00e9cembre 2024 \u25c0<\/p>\n\n\n\n<p><strong>D\u00c9LICATE RENCONTRE DES L\u00c9GUMES OUBLI\u00c9S<\/strong><\/p>\n\n\n\n<p>Par&nbsp;<strong>J\u00e9r\u00e9my PAGE<\/strong>,&nbsp; restaurant &nbsp;<strong><em><a href=\"https:\/\/www.1741.fr\/fr\/Restaurant\/\" target=\"_blank\" rel=\"noreferrer noopener\">le 1741*<\/a><\/em><\/strong>&nbsp;&nbsp;\u00e0 Strasbourg<\/p>\n\n\n\n<p>&#8211; Pour financer des produits de premi\u00e8re n\u00e9cessit\u00e9 et du mat\u00e9riel pour les enfants de familles \u00e0 la rue \u00e0 Strasbourg (association&nbsp;<strong><em><a href=\"https:\/\/www.lespetitesroues.fr\/\" target=\"_blank\" rel=\"noreferrer noopener\">LES PETITES ROUES<\/a><\/em><\/strong>)<\/p>\n\n\n<div class=\"wp-block-image\">\n<figure class=\"aligncenter size-full is-resized\"><a href=\"https:\/\/www.lespetitesroues.fr\/\" target=\"_blank\" rel=\" noreferrer noopener\"><img loading=\"lazy\" decoding=\"async\" width=\"500\" height=\"493\" src=\"https:\/\/sentiersdetoiles.fr\/wp-content\/uploads\/2024\/11\/Les-petites-roues.jpg\" alt=\"\" class=\"wp-image-2549\" style=\"width:200px\" srcset=\"https:\/\/sentiersdetoiles.fr\/wp-content\/uploads\/2024\/11\/Les-petites-roues.jpg 500w, https:\/\/sentiersdetoiles.fr\/wp-content\/uploads\/2024\/11\/Les-petites-roues-300x296.jpg 300w\" sizes=\"auto, (max-width: 500px) 100vw, 500px\" \/><\/a><\/figure>\n<\/div>\n\n\n<p class=\"has-text-align-center\">\u2744&nbsp;\u2744&nbsp;\u2744&nbsp;\u2744&nbsp;\u2744&nbsp;\u2744&nbsp;\u2744<\/p>\n\n\n\n<p>&nbsp;\u25b6 Du mercredi 11 d\u00e9cembre au mardi 17 d\u00e9cembre 2024 \u25c0<\/p>\n\n\n\n<p><strong>SUBTILE ESCALE&nbsp;\u00c0&nbsp;MADAGASCAR \u2026.<\/strong><\/p>\n\n\n\n<p>Par&nbsp;<strong>Guillaume SCHEER,&nbsp;<\/strong>restaurant<strong>&nbsp;<\/strong>&nbsp;<strong><em><a href=\"https:\/\/les-plaisirs-gourmands.com\/\" target=\"_blank\" rel=\"noreferrer noopener\">Les Plaisirs Gourmands*<\/a><\/em><\/strong>&nbsp;&nbsp;\u00e0 Schiltigheim<\/p>\n\n\n\n<p>&#8211; Pour financer des fen\u00eatres et portes dans la reconstruction d\u2019une \u00e9cole apr\u00e8s le passage d\u2019un cyclone \u00e0 Madagascar (association&nbsp;<strong><em><a href=\"https:\/\/www.facebook.com\/alsagasy\/\" target=\"_blank\" rel=\"noreferrer noopener\">ALSAGASY<\/a><\/em><\/strong>)<\/p>\n\n\n<div class=\"wp-block-image\">\n<figure class=\"aligncenter size-full is-resized\"><a href=\"https:\/\/www.facebook.com\/alsagasy\/\" target=\"_blank\" rel=\" noreferrer noopener\"><img loading=\"lazy\" decoding=\"async\" width=\"247\" height=\"316\" src=\"https:\/\/sentiersdetoiles.fr\/wp-content\/uploads\/2024\/11\/Alsagazy.jpg\" alt=\"\" class=\"wp-image-2555\" style=\"object-fit:cover;width:200px;height:200px\" srcset=\"https:\/\/sentiersdetoiles.fr\/wp-content\/uploads\/2024\/11\/Alsagazy.jpg 247w, https:\/\/sentiersdetoiles.fr\/wp-content\/uploads\/2024\/11\/Alsagazy-234x300.jpg 234w\" sizes=\"auto, (max-width: 247px) 100vw, 247px\" \/><\/a><\/figure>\n<\/div>\n\n\n<p>&#8211; Pour participer \u00e0 l\u2019\u00e9quipement d\u2019une \u00e9cole professionnelle au Nig\u00e9ria (association&nbsp;<strong><em><a href=\"https:\/\/www.assogerca.org\/\" target=\"_blank\" rel=\"noreferrer noopener\">GERCA<\/a><\/em><\/strong>)<\/p>\n\n\n<div class=\"wp-block-image\">\n<figure class=\"aligncenter size-full is-resized\"><a href=\"https:\/\/www.assogerca.org\/\" target=\"_blank\" rel=\" noreferrer noopener\"><img loading=\"lazy\" decoding=\"async\" width=\"150\" height=\"150\" src=\"https:\/\/sentiersdetoiles.fr\/wp-content\/uploads\/2024\/11\/Gerca.jpg\" alt=\"\" class=\"wp-image-2558\" style=\"object-fit:cover;width:200px;height:200px\"\/><\/a><\/figure>\n<\/div>\n\n\n<p class=\"has-text-align-center\">\u2744&nbsp;\u2744&nbsp;\u2744&nbsp;\u2744&nbsp;\u2744&nbsp;\u2744&nbsp;\u2744<\/p>\n\n\n\n<p>\u25b6 Du mercredi 18 d\u00e9cembre au lundi 23 d\u00e9cembre 2024 \u25c0<\/p>\n\n\n\n<p><strong>FINE CR\u00c8ME DUBARRY AU TARTUFFON<\/strong><\/p>\n\n\n\n<p>Par&nbsp;<strong>Michel ROTH,&nbsp;<\/strong>M.O.F. et Bocuse d\u2019Or, restaurant&nbsp;<a href=\"https:\/\/www.restaurantbayview.com\/fr\/\" target=\"_blank\" rel=\"noreferrer noopener\"><strong><em>Bayview<\/em><\/strong>&nbsp;<strong>**<\/strong><\/a>&nbsp;\u00e0 Gen\u00e8ve<\/p>\n\n\n\n<p>&#8211; Pour financer des s\u00e9ances de sport et activit\u00e9s physiques pour des femmes en traitement d\u2019un cancer du sein (association&nbsp;<strong><em><a href=\"https:\/\/cocciellesroses.fr\/\" target=\"_blank\" rel=\"noreferrer noopener\">COCCI\u2019ELLES ROSES<\/a><\/em><\/strong>)<\/p>\n\n\n<div class=\"wp-block-image\">\n<figure class=\"aligncenter size-full is-resized\"><a href=\"https:\/\/cocciellesroses.fr\/\" target=\"_blank\" rel=\" noreferrer noopener\"><img loading=\"lazy\" decoding=\"async\" width=\"474\" height=\"467\" src=\"https:\/\/sentiersdetoiles.fr\/wp-content\/uploads\/2024\/11\/Cocciellesroses.jpg\" alt=\"\" class=\"wp-image-2563\" style=\"object-fit:cover;width:200px;height:200px\" srcset=\"https:\/\/sentiersdetoiles.fr\/wp-content\/uploads\/2024\/11\/Cocciellesroses.jpg 474w, https:\/\/sentiersdetoiles.fr\/wp-content\/uploads\/2024\/11\/Cocciellesroses-300x296.jpg 300w\" sizes=\"auto, (max-width: 474px) 100vw, 474px\" \/><\/a><\/figure>\n<\/div>\n\n\n<p>&#8211; Pour financer des sorties et parenth\u00e8ses de \u00ab&nbsp;d\u00e9tente&nbsp;\u00bb pour des enfants dont les parents sont atteints de maladies graves (association&nbsp;<strong><em><a href=\"https:\/\/www.facebook.com\/profile.php\/?id=100076038143559\" target=\"_blank\" rel=\"noreferrer noopener\">7 SOMMETS<\/a><\/em><\/strong>)<\/p>\n\n\n<div class=\"wp-block-image\">\n<figure class=\"aligncenter size-full is-resized\"><a href=\"https:\/\/www.facebook.com\/profile.php\/?id=100076038143559\" target=\"_blank\" rel=\" noreferrer noopener\"><img loading=\"lazy\" decoding=\"async\" width=\"200\" height=\"200\" src=\"https:\/\/sentiersdetoiles.fr\/wp-content\/uploads\/2024\/11\/7-sommets-contre-la-maladie.jpg\" alt=\"\" class=\"wp-image-2564\" style=\"object-fit:cover;width:200px;height:200px\" srcset=\"https:\/\/sentiersdetoiles.fr\/wp-content\/uploads\/2024\/11\/7-sommets-contre-la-maladie.jpg 200w, https:\/\/sentiersdetoiles.fr\/wp-content\/uploads\/2024\/11\/7-sommets-contre-la-maladie-150x150.jpg 150w\" sizes=\"auto, (max-width: 200px) 100vw, 200px\" \/><\/a><\/figure>\n<\/div>\n\n\n<p class=\"has-text-align-center\">\u2744&nbsp;\u2744&nbsp;\u2744&nbsp;\u2744&nbsp;\u2744&nbsp;\u2744&nbsp;\u2744<\/p>\n","protected":false},"excerpt":{"rendered":"<p>Vers la page des chefs 2024 A chaque projet solidaire, une recette de velout\u00e9 gastronomique ! \u00c0 l\u2019approche de No\u00ebl, comme chaque ann\u00e9e, l\u2019association SENTIERS<\/p>\n","protected":false},"author":1,"featured_media":0,"parent":0,"menu_order":0,"comment_status":"closed","ping_status":"closed","template":"","meta":{"footnotes":""},"class_list":["post-2506","page","type-page","status-publish","hentry"],"_links":{"self":[{"href":"https:\/\/sentiersdetoiles.fr\/index.php?rest_route=\/wp\/v2\/pages\/2506","targetHints":{"allow":["GET"]}}],"collection":[{"href":"https:\/\/sentiersdetoiles.fr\/index.php?rest_route=\/wp\/v2\/pages"}],"about":[{"href":"https:\/\/sentiersdetoiles.fr\/index.php?rest_route=\/wp\/v2\/types\/page"}],"author":[{"embeddable":true,"href":"https:\/\/sentiersdetoiles.fr\/index.php?rest_route=\/wp\/v2\/users\/1"}],"replies":[{"embeddable":true,"href":"https:\/\/sentiersdetoiles.fr\/index.php?rest_route=%2Fwp%2Fv2%2Fcomments&post=2506"}],"version-history":[{"count":31,"href":"https:\/\/sentiersdetoiles.fr\/index.php?rest_route=\/wp\/v2\/pages\/2506\/revisions"}],"predecessor-version":[{"id":2772,"href":"https:\/\/sentiersdetoiles.fr\/index.php?rest_route=\/wp\/v2\/pages\/2506\/revisions\/2772"}],"wp:attachment":[{"href":"https:\/\/sentiersdetoiles.fr\/index.php?rest_route=%2Fwp%2Fv2%2Fmedia&parent=2506"}],"curies":[{"name":"wp","href":"https:\/\/api.w.org\/{rel}","templated":true}]}}