{"id":1676,"date":"2023-11-12T18:23:03","date_gmt":"2023-11-12T17:23:03","guid":{"rendered":"https:\/\/sentiersdetoiles.fr\/?page_id=1676"},"modified":"2024-02-09T18:42:47","modified_gmt":"2024-02-09T17:42:47","slug":"2023-2","status":"publish","type":"page","link":"https:\/\/sentiersdetoiles.fr\/?page_id=1676","title":{"rendered":"6\u00e8me \u00e9dition &#8211; No\u00ebl 2023"},"content":{"rendered":"\n<p class=\"has-text-align-center\">Cr\u00e8me de potiron musqu\u00e9 aux saveurs d\u2019un Baerewecka<\/p>\n\n\n<div class=\"wp-block-image\">\n<figure class=\"aligncenter size-medium\"><img loading=\"lazy\" decoding=\"async\" width=\"169\" height=\"300\" src=\"https:\/\/sentiersdetoiles.fr\/wp-content\/uploads\/2023\/11\/Thomas-Koebel-169x300.jpg\" alt=\"\" class=\"wp-image-1862\" srcset=\"https:\/\/sentiersdetoiles.fr\/wp-content\/uploads\/2023\/11\/Thomas-Koebel-169x300.jpg 169w, https:\/\/sentiersdetoiles.fr\/wp-content\/uploads\/2023\/11\/Thomas-Koebel-576x1024.jpg 576w, https:\/\/sentiersdetoiles.fr\/wp-content\/uploads\/2023\/11\/Thomas-Koebel-768x1365.jpg 768w, https:\/\/sentiersdetoiles.fr\/wp-content\/uploads\/2023\/11\/Thomas-Koebel-864x1536.jpg 864w, https:\/\/sentiersdetoiles.fr\/wp-content\/uploads\/2023\/11\/Thomas-Koebel-1152x2048.jpg 1152w, https:\/\/sentiersdetoiles.fr\/wp-content\/uploads\/2023\/11\/Thomas-Koebel-scaled.jpg 1440w\" sizes=\"auto, (max-width: 169px) 100vw, 169px\" \/><figcaption class=\"wp-element-caption\">Thomas KOEBEL,<br><a href=\"https:\/\/relais-poste.com\/\" target=\"_blank\" rel=\"noreferrer noopener\">\u00ab Relais de la Poste *\u00bb<\/a><br>\u00e0 La Wantzenau<\/figcaption><\/figure>\n<\/div>\n\n\n<div data-wp-interactive=\"core\/file\" class=\"wp-block-file\"><object data-wp-bind--hidden=\"!state.hasPdfPreview\" hidden class=\"wp-block-file__embed\" data=\"https:\/\/sentiersdetoiles.fr\/wp-content\/uploads\/2024\/02\/Creme-de-potiron-musque-aux-saveurs-dun-Baerewecka-V1.pdf\" type=\"application\/pdf\" style=\"width:100%;height:600px\" aria-label=\"Embed of Creme-de-potiron-musque-aux-saveurs-dun-Baerewecka-V1.\"><\/object><a id=\"wp-block-file--media-170bfedd-786f-49b3-844e-b49d7f1b585d\" href=\"https:\/\/sentiersdetoiles.fr\/wp-content\/uploads\/2024\/02\/Creme-de-potiron-musque-aux-saveurs-dun-Baerewecka-V1.pdf\">Creme-de-potiron-musque-aux-saveurs-dun-Baerewecka-V1<\/a><a href=\"https:\/\/sentiersdetoiles.fr\/wp-content\/uploads\/2024\/02\/Creme-de-potiron-musque-aux-saveurs-dun-Baerewecka-V1.pdf\" class=\"wp-block-file__button wp-element-button\" download aria-describedby=\"wp-block-file--media-170bfedd-786f-49b3-844e-b49d7f1b585d\">Download<\/a><\/div>\n\n\n\n<p class=\"has-text-align-center\">Velout\u00e9 cr\u00e9cy aux \u00e9pices du monde<\/p>\n\n\n<div class=\"wp-block-image\">\n<figure class=\"aligncenter size-medium\"><img loading=\"lazy\" decoding=\"async\" width=\"200\" height=\"300\" src=\"https:\/\/sentiersdetoiles.fr\/wp-content\/uploads\/2023\/11\/Y-Germain-200x300.jpg\" alt=\"\" class=\"wp-image-1863\" srcset=\"https:\/\/sentiersdetoiles.fr\/wp-content\/uploads\/2023\/11\/Y-Germain-200x300.jpg 200w, https:\/\/sentiersdetoiles.fr\/wp-content\/uploads\/2023\/11\/Y-Germain-683x1024.jpg 683w, https:\/\/sentiersdetoiles.fr\/wp-content\/uploads\/2023\/11\/Y-Germain-768x1152.jpg 768w, https:\/\/sentiersdetoiles.fr\/wp-content\/uploads\/2023\/11\/Y-Germain-1024x1536.jpg 1024w, https:\/\/sentiersdetoiles.fr\/wp-content\/uploads\/2023\/11\/Y-Germain-1365x2048.jpg 1365w, https:\/\/sentiersdetoiles.fr\/wp-content\/uploads\/2023\/11\/Y-Germain-scaled.jpg 1707w\" sizes=\"auto, (max-width: 200px) 100vw, 200px\" \/><figcaption class=\"wp-element-caption\">Yannick GERMAIN<br><a href=\"https:\/\/www.auberge-au-boeuf.fr\/\" target=\"_blank\" rel=\"noreferrer noopener\">\u00ab Au B\u0153uf *\u00bb<\/a> \u00e0 Sessenheim<br>Copyright : Mike Weiss<\/figcaption><\/figure>\n<\/div>\n\n\n<div data-wp-interactive=\"core\/file\" class=\"wp-block-file\"><object data-wp-bind--hidden=\"!state.hasPdfPreview\" hidden class=\"wp-block-file__embed\" data=\"https:\/\/sentiersdetoiles.fr\/wp-content\/uploads\/2024\/02\/Veloute-crecy-aux-epices-du-monde-V2.pdf\" type=\"application\/pdf\" style=\"width:100%;height:600px\" aria-label=\"Embed of Veloute-crecy-aux-epices-du-monde-V2.\"><\/object><a id=\"wp-block-file--media-7018e4ee-247a-4210-b91b-d70c5c882ac4\" href=\"https:\/\/sentiersdetoiles.fr\/wp-content\/uploads\/2024\/02\/Veloute-crecy-aux-epices-du-monde-V2.pdf\">Veloute-crecy-aux-epices-du-monde-V2<\/a><a href=\"https:\/\/sentiersdetoiles.fr\/wp-content\/uploads\/2024\/02\/Veloute-crecy-aux-epices-du-monde-V2.pdf\" class=\"wp-block-file__button wp-element-button\" download aria-describedby=\"wp-block-file--media-7018e4ee-247a-4210-b91b-d70c5c882ac4\">Download<\/a><\/div>\n\n\n\n<p class=\"has-text-align-center\">Voyage du c\u00e9leri pansu vers l\u2019\u00eele aux \u00e9pices<\/p>\n\n\n<div class=\"wp-block-image\">\n<figure class=\"aligncenter size-medium is-resized\"><img loading=\"lazy\" decoding=\"async\" width=\"169\" height=\"300\" src=\"https:\/\/sentiersdetoiles.fr\/wp-content\/uploads\/2023\/11\/20231016_193706-169x300.jpg\" alt=\"\" class=\"wp-image-1859\" style=\"width:169px;height:auto\" srcset=\"https:\/\/sentiersdetoiles.fr\/wp-content\/uploads\/2023\/11\/20231016_193706-169x300.jpg 169w, https:\/\/sentiersdetoiles.fr\/wp-content\/uploads\/2023\/11\/20231016_193706-576x1024.jpg 576w, https:\/\/sentiersdetoiles.fr\/wp-content\/uploads\/2023\/11\/20231016_193706-768x1365.jpg 768w, https:\/\/sentiersdetoiles.fr\/wp-content\/uploads\/2023\/11\/20231016_193706-864x1536.jpg 864w, https:\/\/sentiersdetoiles.fr\/wp-content\/uploads\/2023\/11\/20231016_193706-1152x2048.jpg 1152w, https:\/\/sentiersdetoiles.fr\/wp-content\/uploads\/2023\/11\/20231016_193706-scaled.jpg 1440w\" sizes=\"auto, (max-width: 169px) 100vw, 169px\" \/><figcaption class=\"wp-element-caption\">Matthieu KOENIG<br><a href=\"https:\/\/www.restaurant-koenig.com\/\" target=\"_blank\" rel=\"noreferrer noopener\">\u00ab L\u2019Arbre Vert \u00bb<\/a> \u00e0 Berrwiller<\/figcaption><\/figure>\n<\/div>\n\n\n<div data-wp-interactive=\"core\/file\" class=\"wp-block-file\"><object data-wp-bind--hidden=\"!state.hasPdfPreview\" hidden class=\"wp-block-file__embed\" data=\"https:\/\/sentiersdetoiles.fr\/wp-content\/uploads\/2024\/02\/Voyage-du-celeri-pansu-vers-lile-aux-epices-V3.pdf\" type=\"application\/pdf\" style=\"width:100%;height:600px\" aria-label=\"Embed of Voyage-du-celeri-pansu-vers-lile-aux-epices-V3.\"><\/object><a id=\"wp-block-file--media-d345b5e5-b295-4a5b-b0b9-4c81129127a3\" href=\"https:\/\/sentiersdetoiles.fr\/wp-content\/uploads\/2024\/02\/Voyage-du-celeri-pansu-vers-lile-aux-epices-V3.pdf\">Voyage-du-celeri-pansu-vers-lile-aux-epices-V3<\/a><a href=\"https:\/\/sentiersdetoiles.fr\/wp-content\/uploads\/2024\/02\/Voyage-du-celeri-pansu-vers-lile-aux-epices-V3.pdf\" class=\"wp-block-file__button wp-element-button\" download aria-describedby=\"wp-block-file--media-d345b5e5-b295-4a5b-b0b9-4c81129127a3\">Download<\/a><\/div>\n\n\n\n<p class=\"has-text-align-center\">Vichyssoise au sel des Vikings<\/p>\n\n\n<div class=\"wp-block-image\">\n<figure class=\"aligncenter size-medium is-resized\"><img loading=\"lazy\" decoding=\"async\" width=\"300\" height=\"210\" src=\"https:\/\/sentiersdetoiles.fr\/wp-content\/uploads\/2023\/11\/20231116_091854Mod-4--300x210.jpg\" alt=\"\" class=\"wp-image-1861\" style=\"width:300px;height:auto\" srcset=\"https:\/\/sentiersdetoiles.fr\/wp-content\/uploads\/2023\/11\/20231116_091854Mod-4--300x210.jpg 300w, https:\/\/sentiersdetoiles.fr\/wp-content\/uploads\/2023\/11\/20231116_091854Mod-4--1024x717.jpg 1024w, https:\/\/sentiersdetoiles.fr\/wp-content\/uploads\/2023\/11\/20231116_091854Mod-4--768x538.jpg 768w, https:\/\/sentiersdetoiles.fr\/wp-content\/uploads\/2023\/11\/20231116_091854Mod-4--1536x1076.jpg 1536w, https:\/\/sentiersdetoiles.fr\/wp-content\/uploads\/2023\/11\/20231116_091854Mod-4--2048x1435.jpg 2048w\" sizes=\"auto, (max-width: 300px) 100vw, 300px\" \/><figcaption class=\"wp-element-caption\">Carole ECKERT, Anne-C\u00e9cile SCHERRER<br>et L\u00e9o STRECKDENFINGER,<br><a href=\"https:\/\/www.enfin-barr.com\/\" target=\"_blank\" rel=\"noreferrer noopener\">\u00abRestaurant Enfin* \u00bb<\/a> \u00e0 Barr<\/figcaption><\/figure>\n<\/div>\n\n\n<div data-wp-interactive=\"core\/file\" class=\"wp-block-file\"><object data-wp-bind--hidden=\"!state.hasPdfPreview\" hidden class=\"wp-block-file__embed\" data=\"https:\/\/sentiersdetoiles.fr\/wp-content\/uploads\/2024\/02\/Vichyssoise-au-sel-des-Vikings-V4.pdf\" type=\"application\/pdf\" style=\"width:100%;height:600px\" aria-label=\"Embed of Vichyssoise-au-sel-des-Vikings-V4.\"><\/object><a id=\"wp-block-file--media-04a3ef58-82b8-48b9-9936-a0e28dae553b\" href=\"https:\/\/sentiersdetoiles.fr\/wp-content\/uploads\/2024\/02\/Vichyssoise-au-sel-des-Vikings-V4.pdf\">Vichyssoise-au-sel-des-Vikings-V4<\/a><a href=\"https:\/\/sentiersdetoiles.fr\/wp-content\/uploads\/2024\/02\/Vichyssoise-au-sel-des-Vikings-V4.pdf\" class=\"wp-block-file__button wp-element-button\" download aria-describedby=\"wp-block-file--media-04a3ef58-82b8-48b9-9936-a0e28dae553b\">Download<\/a><\/div>\n","protected":false},"excerpt":{"rendered":"<p>Cr\u00e8me de potiron musqu\u00e9 aux saveurs d\u2019un Baerewecka Velout\u00e9 cr\u00e9cy aux \u00e9pices du monde Voyage du c\u00e9leri pansu vers l\u2019\u00eele aux \u00e9pices Vichyssoise au sel<\/p>\n","protected":false},"author":1,"featured_media":0,"parent":0,"menu_order":0,"comment_status":"closed","ping_status":"closed","template":"","meta":{"footnotes":""},"class_list":["post-1676","page","type-page","status-publish","hentry"],"_links":{"self":[{"href":"https:\/\/sentiersdetoiles.fr\/index.php?rest_route=\/wp\/v2\/pages\/1676","targetHints":{"allow":["GET"]}}],"collection":[{"href":"https:\/\/sentiersdetoiles.fr\/index.php?rest_route=\/wp\/v2\/pages"}],"about":[{"href":"https:\/\/sentiersdetoiles.fr\/index.php?rest_route=\/wp\/v2\/types\/page"}],"author":[{"embeddable":true,"href":"https:\/\/sentiersdetoiles.fr\/index.php?rest_route=\/wp\/v2\/users\/1"}],"replies":[{"embeddable":true,"href":"https:\/\/sentiersdetoiles.fr\/index.php?rest_route=%2Fwp%2Fv2%2Fcomments&post=1676"}],"version-history":[{"count":14,"href":"https:\/\/sentiersdetoiles.fr\/index.php?rest_route=\/wp\/v2\/pages\/1676\/revisions"}],"predecessor-version":[{"id":2476,"href":"https:\/\/sentiersdetoiles.fr\/index.php?rest_route=\/wp\/v2\/pages\/1676\/revisions\/2476"}],"wp:attachment":[{"href":"https:\/\/sentiersdetoiles.fr\/index.php?rest_route=%2Fwp%2Fv2%2Fmedia&parent=1676"}],"curies":[{"name":"wp","href":"https:\/\/api.w.org\/{rel}","templated":true}]}}